{"id":138030,"date":"2025-07-17T15:27:50","date_gmt":"2025-07-17T13:27:50","guid":{"rendered":"https:\/\/linen.eu\/produkt\/summer-linen-summer-duvet-by-hefel-vegan\/"},"modified":"2026-04-12T00:04:50","modified_gmt":"2026-04-11T22:04:50","slug":"summer-linen-summer-duvet-by-hefel-vegan","status":"publish","type":"product","link":"https:\/\/linen.eu\/en\/produkt\/summer-linen-summer-duvet-by-hefel-vegan\/","title":{"rendered":"Summer Linen Summer Duvet by HEFEL \u2013 Vegan"},"content":{"rendered":"<h2>&#8220;Summer Linen Summer Duvet by HEFEL&#8221;<\/h2>\n<p>The Summer Linen Summer Duvet by HEFEL is designed to ensure deep, natural sleep even at high temperatures. The duvet is completely vegan. 70% of the filling is linen and 30% is TENCEL\u00ae. Linen, also known as the &#8220;silk of the North&#8221;, can absorb over a third of its weight in moisture without feeling damp. However, it dries again very quickly. Therefore, the Bio Linen duvet is particularly refreshingly cool on summer nights. With the linen and TENCEL\u00ae fibre in the filling, natural moisture and temperature management is optimally supported. The 100% organic cotton fabric and the special HEFEL BodyFit quilting are particularly pleasant for the skin.<\/p>\n<p>All organic products from HEFEL feature high-quality Organic Cotton fabric. The cotton used comes from controlled organic production. It is produced under strict guidelines in controlled organic agricultural systems and hand-picked. Organic Cotton producers ensure social minimum standards, fair pay and humane working conditions. The use of pesticides and artificial fertilisers is completely avoided. Chlorine compounds, optical brighteners and chlorinated hydrocarbon compounds are not used in pre-treatment. From cultivation to the finished duvet, a comprehensive ecological control takes place.<\/p>\n<ul>\n<li>Naturally cooling and vitalising composition of linen and TENCEL\u00ae fabric<\/li>\n<li>Linen and TENCEL\u00ae are the ideal filling combination \u2013 linen absorbs more moisture than any other filling fibre<\/li>\n<li>Optimal moisture management thanks to Nanofibrill technology<\/li>\n<li>Dermatologically tested, ideal for sensitive skin<\/li>\n<li>No chance for bacteria<\/li>\n<li>Extremely light and soft for unparalleled sleeping pleasure<\/li>\n<\/ul>\n<h3>The Product: Summer Linen Summer Duvet by <a href=\"https:\/\/linen.eu\/brand\/hefel\/\">HEFEL<\/a><\/h3>\n<p>Filling: 70% linen and 30% TENCEL\u00ae<br \/>\nFabric: 100% Tencel sateen<br \/>\nWeight: 215 g\/m\u00b2<br \/>\nQuilting: With functional body-contouring quilting<br \/>\nColour: White<br \/>\nThe fabric is GOTS-certified \u2013 CU 811099<br \/>\nCare: 60\u00b0C gentle wash, air dry<\/p>\n<p>The ideal duvet for all year round. Fill weight 215 grams per square metre. Suitable for dust mite allergy sufferers! Summer Linen duvets are custom-made. We recommend the <a href=\"https:\/\/linen.eu\/en\/produkt\/pure-silk-pillow-by-hefel\/\">HEFEL Pure Silk Pillows<\/a> and the <a href=\"https:\/\/linen.eu\/en\/produkt\/pure-silk-pillow-case-by-hefel\/\">HEFEL Pure Silk Pillow Cases<\/a><\/p>\n<h3>Tradition and <a href=\"https:\/\/linen.eu\/en\/magazine\/\">expertise make HEFEL the specialist<\/a> for restful sleep<\/h3>\n<p>The tradition of an Austrian family business combined with a passion for revolutionary innovations \u2013 that is what makes HEFEL the leading manufacturer of sustainable bedding. Thanks to their enormous experience, HEFEL knows exactly what matters in a first-class duvet. It starts with selecting premium materials for fabric and filling. Careful processing \u2013 in the right combination of traditional craftsmanship and modern manufacturing techniques \u2013 brings out the full potential of the materials. HEFEL pays special attention to body-contouring quilting patterns \u2013 giving their duvets their sophisticated shape. All these elements are precisely coordinated to ensure an optimal sleeping climate.<\/p>\n<h3>Innovations for the best sleeping comfort<\/h3>\n<p>Through years of dedicated commitment to research and development, HEFEL is today an internationally leading innovator in the bedding sector. The introduction of state-of-the-art functional fibres such as TENCEL\u00ae or SeaCell-Active for bedding has repeatedly earned renowned international awards. The continuous development of innovative manufacturing techniques enables the production of incomparably fine fabrics and the loftiest duvet fillings.<\/p>\n<h3>Quality from Austria<\/h3>\n<p>Today, as always, HEFEL manufactures its bedding 100% in Austria. This is as much a part of the corporate culture as the employment of highly qualified professionals. Many of them are already in their second or third generation at HEFEL. With great experience, care and skill, they craft and inspect each individual HEFEL duvet, piece by piece.<\/p>\n","protected":false},"excerpt":{"rendered":"<p><strong>Summer Linen Summer Duvet by HEFEL<\/strong><br \/>Lightweight, vegan summer duvet with 70% linen and 30% TENCEL\u00ae for a naturally cooling and moisture-regulating sleeping climate. The GOTS-certified Tencel sateen provides a particularly pleasant feel on the skin. Ideal for warm nights and allergy sufferers, washable at 60\u00b0C.<\/p>\n","protected":false},"featured_media":4110,"comment_status":"open","ping_status":"closed","template":"","meta":{"_acf_changed":false},"product_brand":[4782,4787],"product_cat":[3748,4009,4474,3728],"product_tag":[3641],"class_list":{"0":"post-138030","1":"product","2":"type-product","3":"status-publish","4":"has-post-thumbnail","6":"product_brand-hefel","7":"product_brand-hefel-summer-duvet","8":"product_cat-product","9":"product_cat-duvets","10":"product_cat-summer-blanket","11":"product_cat-bedroom","12":"product_tag-linen","14":"first","15":"instock","16":"taxable","17":"shipping-taxable","18":"purchasable","19":"product-type-variable"},"acf":[],"yoast_head":"<!-- This site is optimized with the Yoast SEO Premium plugin v27.5 (Yoast SEO v27.5) - https:\/\/yoast.com\/product\/yoast-seo-premium-wordpress\/ -->\n<title>Summer Linen Summer Duvet by HEFEL \u2013 Vegan - Linen Lounge<\/title>\n<meta name=\"description\" content=\"Summer Linen Summer Duvet by HEFEL \u2013 Vegan \u2713 Dry sleeping climate and healthy recovery \u2713 Quality Made in Austria\" \/>\n<meta name=\"robots\" content=\"noindex, follow\" \/>\n<meta property=\"og:locale\" content=\"en_US\" \/>\n<meta property=\"og:type\" content=\"article\" \/>\n<meta property=\"og:title\" content=\"Summer Linen Summer Duvet by HEFEL \u2013 Vegan\" \/>\n<meta property=\"og:description\" content=\"Summer Linen Summer Duvet by HEFEL \u2013 Vegan \u2713 Dry sleeping climate and healthy recovery \u2713 Quality Made in Austria\" \/>\n<meta property=\"og:url\" content=\"https:\/\/linen.eu\/en\/produkt\/summer-linen-summer-duvet-by-hefel-vegan\/\" \/>\n<meta property=\"og:site_name\" content=\"Linen.eu\" \/>\n<meta property=\"article:publisher\" content=\"https:\/\/linen.eu\" \/>\n<meta property=\"article:modified_time\" content=\"2026-04-11T22:04:50+00:00\" \/>\n<meta property=\"og:image\" content=\"https:\/\/linen.eu\/wp-content\/uploads\/2025\/07\/HEFEL_Bio_Image1.jpg\" \/>\n\t<meta property=\"og:image:width\" content=\"1600\" \/>\n\t<meta property=\"og:image:height\" content=\"1200\" \/>\n\t<meta property=\"og:image:type\" content=\"image\/jpeg\" \/>\n<meta name=\"twitter:card\" content=\"summary_large_image\" \/>\n<meta name=\"twitter:site\" content=\"@linenlounge\" \/>\n<meta name=\"twitter:label1\" content=\"Availability\" \/>\n\t<meta name=\"twitter:data1\" content=\"In stock\" \/>\n<script type=\"application\/ld+json\" class=\"yoast-schema-graph\">{\"@context\":\"https:\\\/\\\/schema.org\",\"@graph\":[{\"@type\":\"WebPage\",\"@id\":\"https:\\\/\\\/linen.eu\\\/en\\\/produkt\\\/summer-linen-summer-duvet-by-hefel-vegan\\\/\",\"url\":\"https:\\\/\\\/linen.eu\\\/en\\\/produkt\\\/summer-linen-summer-duvet-by-hefel-vegan\\\/\",\"name\":\"Summer Linen Summer Duvet by HEFEL \u2013 Vegan - Linen Lounge\",\"isPartOf\":{\"@id\":\"https:\\\/\\\/linen.eu\\\/en\\\/#website\"},\"primaryImageOfPage\":{\"@id\":\"https:\\\/\\\/linen.eu\\\/en\\\/produkt\\\/summer-linen-summer-duvet-by-hefel-vegan\\\/#primaryimage\"},\"image\":{\"@id\":\"https:\\\/\\\/linen.eu\\\/en\\\/produkt\\\/summer-linen-summer-duvet-by-hefel-vegan\\\/#primaryimage\"},\"thumbnailUrl\":\"https:\\\/\\\/linen.eu\\\/wp-content\\\/uploads\\\/2025\\\/07\\\/HEFEL_Bio_Image1.jpg\",\"datePublished\":\"2025-07-17T13:27:50+00:00\",\"dateModified\":\"2026-04-11T22:04:50+00:00\",\"description\":\"Summer Linen Summer Duvet by HEFEL \u2013 Vegan \u2713 Dry sleeping climate and healthy recovery \u2713 Quality Made in Austria\",\"breadcrumb\":{\"@id\":\"https:\\\/\\\/linen.eu\\\/en\\\/produkt\\\/summer-linen-summer-duvet-by-hefel-vegan\\\/#breadcrumb\"},\"inLanguage\":\"en-US\",\"potentialAction\":[{\"@type\":\"ReadAction\",\"target\":[\"https:\\\/\\\/linen.eu\\\/en\\\/produkt\\\/summer-linen-summer-duvet-by-hefel-vegan\\\/\"]}]},{\"@type\":\"ImageObject\",\"inLanguage\":\"en-US\",\"@id\":\"https:\\\/\\\/linen.eu\\\/en\\\/produkt\\\/summer-linen-summer-duvet-by-hefel-vegan\\\/#primaryimage\",\"url\":\"https:\\\/\\\/linen.eu\\\/wp-content\\\/uploads\\\/2025\\\/07\\\/HEFEL_Bio_Image1.jpg\",\"contentUrl\":\"https:\\\/\\\/linen.eu\\\/wp-content\\\/uploads\\\/2025\\\/07\\\/HEFEL_Bio_Image1.jpg\",\"width\":1600,\"height\":1200,\"caption\":\"A person sleeps outdoors beside a tranquil forest pond on a bed with the Pure Bamboo Summer Duvet by HEFEL, surrounded by lush greenery and autumn-coloured trees.\"},{\"@type\":\"BreadcrumbList\",\"@id\":\"https:\\\/\\\/linen.eu\\\/en\\\/produkt\\\/summer-linen-summer-duvet-by-hefel-vegan\\\/#breadcrumb\",\"itemListElement\":[{\"@type\":\"ListItem\",\"position\":1,\"name\":\"Startseite\",\"item\":\"https:\\\/\\\/linen.eu\\\/en\\\/home\\\/\"},{\"@type\":\"ListItem\",\"position\":2,\"name\":\"Shop\",\"item\":\"https:\\\/\\\/linen.eu\\\/en\\\/shop\\\/\"},{\"@type\":\"ListItem\",\"position\":3,\"name\":\"Summer Linen Summer Duvet by HEFEL \u2013 Vegan\"}]},{\"@type\":\"WebSite\",\"@id\":\"https:\\\/\\\/linen.eu\\\/en\\\/#website\",\"url\":\"https:\\\/\\\/linen.eu\\\/en\\\/\",\"name\":\"Linen Lounge\",\"description\":\"\",\"publisher\":{\"@id\":\"https:\\\/\\\/linen.eu\\\/en\\\/#organization\"},\"potentialAction\":[{\"@type\":\"SearchAction\",\"target\":{\"@type\":\"EntryPoint\",\"urlTemplate\":\"https:\\\/\\\/linen.eu\\\/en\\\/?s={search_term_string}\"},\"query-input\":{\"@type\":\"PropertyValueSpecification\",\"valueRequired\":true,\"valueName\":\"search_term_string\"}}],\"inLanguage\":\"en-US\"},{\"@type\":\"Organization\",\"@id\":\"https:\\\/\\\/linen.eu\\\/en\\\/#organization\",\"name\":\"Linen Lounge\",\"alternateName\":\"linen.eu\",\"url\":\"https:\\\/\\\/linen.eu\\\/en\\\/\",\"logo\":{\"@type\":\"ImageObject\",\"inLanguage\":\"en-US\",\"@id\":\"https:\\\/\\\/linen.eu\\\/en\\\/#\\\/schema\\\/logo\\\/image\\\/\",\"url\":\"https:\\\/\\\/linen.eu\\\/wp-content\\\/uploads\\\/2025\\\/10\\\/LinenLounge-NEU2.webp\",\"contentUrl\":\"https:\\\/\\\/linen.eu\\\/wp-content\\\/uploads\\\/2025\\\/10\\\/LinenLounge-NEU2.webp\",\"width\":1800,\"height\":455,\"caption\":\"Linen Lounge\"},\"image\":{\"@id\":\"https:\\\/\\\/linen.eu\\\/en\\\/#\\\/schema\\\/logo\\\/image\\\/\"},\"sameAs\":[\"https:\\\/\\\/linen.eu\",\"https:\\\/\\\/x.com\\\/linenlounge\",\"https:\\\/\\\/www.instagram.com\\\/linen.lounge?igsh=MW81aGhiY2VxZGRpMw==&utm_source=qr\",\"http:\\\/\\\/www.youtube.com\\\/@Linenlounge\"],\"description\":\"Online Fachhandel f\u00fcr europ\u00e4ische Leinen-Bettw\u00e4sche und Heimtextilien aus traditionellen Webereien wie Leitner Leinen, Schlitzer Leinen, Libeco, Vieb\u00f6ck und Hoffmann.\",\"email\":\"info@linen.eu\",\"telephone\":\"+49 (0) 69 90738860\",\"legalName\":\"Linen UG (haftungsbeschr\u00e4nkt)\",\"foundingDate\":\"2015-04-08\",\"numberOfEmployees\":{\"@type\":\"QuantitativeValue\",\"minValue\":\"1\",\"maxValue\":\"10\"}}]}<\/script>\n<meta property=\"product:brand\" content=\"HEFEL\" \/>\n<meta property=\"og:availability\" content=\"instock\" \/>\n<meta property=\"product:availability\" content=\"instock\" \/>\n<meta property=\"product:retailer_item_id\" content=\"114303352910\" \/>\n<meta property=\"product:condition\" content=\"new\" \/>\n<!-- \/ Yoast SEO Premium plugin. -->","yoast_head_json":{"title":"Summer Linen Summer Duvet by HEFEL \u2013 Vegan - Linen Lounge","description":"Summer Linen Summer Duvet by HEFEL \u2013 Vegan \u2713 Dry sleeping climate and healthy recovery \u2713 Quality Made in Austria","robots":{"index":"noindex","follow":"follow"},"og_locale":"en_US","og_type":"article","og_title":"Summer Linen Summer Duvet by HEFEL \u2013 Vegan","og_description":"Summer Linen Summer Duvet by HEFEL \u2013 Vegan \u2713 Dry sleeping climate and healthy recovery \u2713 Quality Made in Austria","og_url":"https:\/\/linen.eu\/en\/produkt\/summer-linen-summer-duvet-by-hefel-vegan\/","og_site_name":"Linen.eu","article_publisher":"https:\/\/linen.eu","article_modified_time":"2026-04-11T22:04:50+00:00","og_image":[{"width":1600,"height":1200,"url":"https:\/\/linen.eu\/wp-content\/uploads\/2025\/07\/HEFEL_Bio_Image1.jpg","type":"image\/jpeg"}],"twitter_card":"summary_large_image","twitter_site":"@linenlounge","twitter_misc":{"Availability":"In stock"},"schema":{"@context":"https:\/\/schema.org","@graph":[{"@type":"WebPage","@id":"https:\/\/linen.eu\/en\/produkt\/summer-linen-summer-duvet-by-hefel-vegan\/","url":"https:\/\/linen.eu\/en\/produkt\/summer-linen-summer-duvet-by-hefel-vegan\/","name":"Summer Linen Summer Duvet by HEFEL \u2013 Vegan - Linen Lounge","isPartOf":{"@id":"https:\/\/linen.eu\/en\/#website"},"primaryImageOfPage":{"@id":"https:\/\/linen.eu\/en\/produkt\/summer-linen-summer-duvet-by-hefel-vegan\/#primaryimage"},"image":{"@id":"https:\/\/linen.eu\/en\/produkt\/summer-linen-summer-duvet-by-hefel-vegan\/#primaryimage"},"thumbnailUrl":"https:\/\/linen.eu\/wp-content\/uploads\/2025\/07\/HEFEL_Bio_Image1.jpg","datePublished":"2025-07-17T13:27:50+00:00","dateModified":"2026-04-11T22:04:50+00:00","description":"Summer Linen Summer Duvet by HEFEL \u2013 Vegan \u2713 Dry sleeping climate and healthy recovery \u2713 Quality Made in Austria","breadcrumb":{"@id":"https:\/\/linen.eu\/en\/produkt\/summer-linen-summer-duvet-by-hefel-vegan\/#breadcrumb"},"inLanguage":"en-US","potentialAction":[{"@type":"ReadAction","target":["https:\/\/linen.eu\/en\/produkt\/summer-linen-summer-duvet-by-hefel-vegan\/"]}]},{"@type":"ImageObject","inLanguage":"en-US","@id":"https:\/\/linen.eu\/en\/produkt\/summer-linen-summer-duvet-by-hefel-vegan\/#primaryimage","url":"https:\/\/linen.eu\/wp-content\/uploads\/2025\/07\/HEFEL_Bio_Image1.jpg","contentUrl":"https:\/\/linen.eu\/wp-content\/uploads\/2025\/07\/HEFEL_Bio_Image1.jpg","width":1600,"height":1200,"caption":"A person sleeps outdoors beside a tranquil forest pond on a bed with the Pure Bamboo Summer Duvet by HEFEL, surrounded by lush greenery and autumn-coloured trees."},{"@type":"BreadcrumbList","@id":"https:\/\/linen.eu\/en\/produkt\/summer-linen-summer-duvet-by-hefel-vegan\/#breadcrumb","itemListElement":[{"@type":"ListItem","position":1,"name":"Startseite","item":"https:\/\/linen.eu\/en\/home\/"},{"@type":"ListItem","position":2,"name":"Shop","item":"https:\/\/linen.eu\/en\/shop\/"},{"@type":"ListItem","position":3,"name":"Summer Linen Summer Duvet by HEFEL \u2013 Vegan"}]},{"@type":"WebSite","@id":"https:\/\/linen.eu\/en\/#website","url":"https:\/\/linen.eu\/en\/","name":"Linen Lounge","description":"","publisher":{"@id":"https:\/\/linen.eu\/en\/#organization"},"potentialAction":[{"@type":"SearchAction","target":{"@type":"EntryPoint","urlTemplate":"https:\/\/linen.eu\/en\/?s={search_term_string}"},"query-input":{"@type":"PropertyValueSpecification","valueRequired":true,"valueName":"search_term_string"}}],"inLanguage":"en-US"},{"@type":"Organization","@id":"https:\/\/linen.eu\/en\/#organization","name":"Linen Lounge","alternateName":"linen.eu","url":"https:\/\/linen.eu\/en\/","logo":{"@type":"ImageObject","inLanguage":"en-US","@id":"https:\/\/linen.eu\/en\/#\/schema\/logo\/image\/","url":"https:\/\/linen.eu\/wp-content\/uploads\/2025\/10\/LinenLounge-NEU2.webp","contentUrl":"https:\/\/linen.eu\/wp-content\/uploads\/2025\/10\/LinenLounge-NEU2.webp","width":1800,"height":455,"caption":"Linen Lounge"},"image":{"@id":"https:\/\/linen.eu\/en\/#\/schema\/logo\/image\/"},"sameAs":["https:\/\/linen.eu","https:\/\/x.com\/linenlounge","https:\/\/www.instagram.com\/linen.lounge?igsh=MW81aGhiY2VxZGRpMw==&utm_source=qr","http:\/\/www.youtube.com\/@Linenlounge"],"description":"Online Fachhandel f\u00fcr europ\u00e4ische Leinen-Bettw\u00e4sche und Heimtextilien aus traditionellen Webereien wie Leitner Leinen, Schlitzer Leinen, Libeco, Vieb\u00f6ck und Hoffmann.","email":"info@linen.eu","telephone":"+49 (0) 69 90738860","legalName":"Linen UG (haftungsbeschr\u00e4nkt)","foundingDate":"2015-04-08","numberOfEmployees":{"@type":"QuantitativeValue","minValue":"1","maxValue":"10"}}]},"product_brand":"HEFEL","og_availability":"instock","product_availability":"instock","product_retailer_item_id":"114303352910","product_condition":"new"},"_links":{"self":[{"href":"https:\/\/linen.eu\/en\/wp-json\/wp\/v2\/product\/138030","targetHints":{"allow":["GET"]}}],"collection":[{"href":"https:\/\/linen.eu\/en\/wp-json\/wp\/v2\/product"}],"about":[{"href":"https:\/\/linen.eu\/en\/wp-json\/wp\/v2\/types\/product"}],"replies":[{"embeddable":true,"href":"https:\/\/linen.eu\/en\/wp-json\/wp\/v2\/comments?post=138030"}],"wp:featuredmedia":[{"embeddable":true,"href":"https:\/\/linen.eu\/en\/wp-json\/wp\/v2\/media\/4110"}],"wp:attachment":[{"href":"https:\/\/linen.eu\/en\/wp-json\/wp\/v2\/media?parent=138030"}],"wp:term":[{"taxonomy":"product_brand","embeddable":true,"href":"https:\/\/linen.eu\/en\/wp-json\/wp\/v2\/product_brand?post=138030"},{"taxonomy":"product_cat","embeddable":true,"href":"https:\/\/linen.eu\/en\/wp-json\/wp\/v2\/product_cat?post=138030"},{"taxonomy":"product_tag","embeddable":true,"href":"https:\/\/linen.eu\/en\/wp-json\/wp\/v2\/product_tag?post=138030"}],"curies":[{"name":"wp","href":"https:\/\/api.w.org\/{rel}","templated":true}]}}