{"id":138514,"date":"2025-07-17T15:29:52","date_gmt":"2025-07-17T13:29:52","guid":{"rendered":"https:\/\/linen.eu\/produkt\/wellness-vitasan-all-season-duvet-by-hefel\/"},"modified":"2026-04-12T00:06:16","modified_gmt":"2026-04-11T22:06:16","slug":"wellness-vitasan-all-season-duvet-by-hefel","status":"publish","type":"product","link":"https:\/\/linen.eu\/en\/produkt\/wellness-vitasan-all-season-duvet-by-hefel\/","title":{"rendered":"Wellness Vitasan All-Season Duvet by HEFEL"},"content":{"rendered":"<h2>&#8220;Wellness Vitasan All-Season Duvet by HEFEL&#8221;<\/h2>\n<p>The Wellness Vitasan All-Season Duvet by HEFEL is a powerful weapon in the fight against allergies. The Vitasan\u00ae hollow fibre used in Wellness Vitasan duvets not only ensures outstanding sleeping comfort but also prevents dust mites from forming in the fibre filling. Furthermore, the fibre creates a hygienic and hypoallergenic bed by reducing the growth of fungi and bacteria required for the dust mite food chain. The Vitasan\u00ae hollow fibre filling can store a particularly large amount of warm air and is exceptionally lightweight. Wellness Vitasan bedding products can be washed at 60\u00b0C and tumble dried to ensure the best possible hygiene.<\/p>\n<p>The ideal duvet for allergy sufferers \u2013 all year round. Fill weight 285 grams per square metre. Suitable for dust mite allergy sufferers! We recommend combining it with the HEFEL Wellness Vitasan Comfort Pillow.<\/p>\n<h3>The Product: Wellness Vitasan All-Season Duvet by <a href=\"https:\/\/linen.eu\/brand\/hefel\/\">HEFEL<\/a><\/h3>\n<p>Filling: 100% HEFEL Vitasan\u00ae hollow fibre<br \/>Fabric: 100% cotton fine sateen with aloe vera<br \/>Weight: 285 g\/m\u00b2<br \/>Quilting: with functional body-contouring quilting<br \/>Colour: white<br \/>Care: washable at 60\u00b0C, tumble dryer suitable<br \/><strong>Specially designed for allergy sufferers<\/strong><\/p>\n<h3>Tradition and <a href=\"https:\/\/linen.eu\/en\/magazine\/\">expertise make HEFEL the specialist<\/a> for restful sleep<\/h3>\n<p>The tradition of an Austrian family business combined with a passion for revolutionary innovations \u2013 that is what makes HEFEL the leading manufacturer of sustainable bedding. Thanks to their enormous experience, HEFEL knows exactly what matters in a first-class duvet. It starts with selecting premium materials for fabric and filling. Careful processing \u2013 in the right combination of traditional craftsmanship and modern manufacturing techniques \u2013 brings out the full potential of the materials. HEFEL pays special attention to body-contouring quilting patterns \u2013 giving their duvets their sophisticated shape. All these elements are precisely coordinated to ensure an optimal sleeping climate.<\/p>\n<h3>Innovations for the best sleeping comfort<\/h3>\n<p>Through years of dedicated commitment to research and development, HEFEL is today an internationally leading innovator in the bedding sector. The introduction of state-of-the-art functional fibres such as TENCEL\u00ae or SeaCell-Active for bedding has repeatedly earned renowned international awards. The continuous development of innovative manufacturing techniques enables the production of incomparably fine fabrics and the loftiest duvet fillings.<\/p>\n<h3>Quality from Austria<\/h3>\n<p>Today, as always, HEFEL manufactures its bedding 100% in Austria. This is as much a part of the corporate culture as the employment of highly qualified professionals. Many of them are already in their second or third generation at HEFEL. With great experience, care and skill, they craft and inspect each individual HEFEL duvet, piece by piece.<\/p>\n","protected":false},"excerpt":{"rendered":"<ul>\n<li><strong>Vitasan All-Season Duvet<\/strong> \u2013 functional fibre with Vitasan treatment, temperature-balancing across all seasons<\/li>\n<li><strong>TENCEL\u00ae fine sateen<\/strong> \u2013 nanofibril technology for optimal moisture management and a dry sleeping climate<\/li>\n<li><strong>BodyFit body-contouring quilting<\/strong> \u2013 adapts to the body like a second skin, no heat build-up<\/li>\n<li><strong>Made in Austria<\/strong> \u2013 HEFEL manufactory, washable at 60 \u00b0C, four sizes available<\/li>\n<li><strong>Dermatologically tested<\/strong> \u2013 suitable for dust mite allergy sufferers and sensitive skin, antibacterial and easy care<\/li>\n<\/ul>\n","protected":false},"featured_media":72790,"comment_status":"open","ping_status":"closed","template":"","meta":{"_acf_changed":false},"product_brand":[4782,4784],"product_cat":[3728,3748,4009,4010],"product_tag":[3939,3640],"class_list":{"0":"post-138514","1":"product","2":"type-product","3":"status-publish","4":"has-post-thumbnail","6":"product_brand-hefel","7":"product_brand-hefel-all-season-duvet","8":"product_cat-bedroom","9":"product_cat-product","10":"product_cat-duvets","11":"product_cat-all-season-duvet","12":"product_tag-climate-regulation","13":"product_tag-all-year","15":"first","16":"instock","17":"taxable","18":"shipping-taxable","19":"purchasable","20":"product-type-variable"},"acf":[],"yoast_head":"<!-- This site is optimized with the Yoast SEO Premium plugin v27.5 (Yoast SEO v27.5) - https:\/\/yoast.com\/product\/yoast-seo-premium-wordpress\/ -->\n<title>Wellness Vitasan All-Season Duvet by HEFEL - Linen Lounge<\/title>\n<meta name=\"description\" content=\"Wellness Vitasan All-Season Duvet by HEFEL \u2713 Dry sleeping climate and healthy recovery \u2713 Quality Made in Austria\" \/>\n<meta name=\"robots\" content=\"index, follow, max-snippet:-1, max-image-preview:large, max-video-preview:-1\" \/>\n<link rel=\"canonical\" href=\"https:\/\/linen.eu\/en\/produkt\/wellness-vitasan-all-season-duvet-by-hefel\/\" \/>\n<meta property=\"og:locale\" content=\"en_US\" \/>\n<meta property=\"og:type\" content=\"article\" \/>\n<meta property=\"og:title\" content=\"Wellness Vitasan All-Season Duvet by HEFEL\" \/>\n<meta property=\"og:description\" content=\"Wellness Vitasan All-Season Duvet by HEFEL \u2713 Dry sleeping climate and healthy recovery \u2713 Quality Made in Austria\" \/>\n<meta property=\"og:url\" content=\"https:\/\/linen.eu\/en\/produkt\/wellness-vitasan-all-season-duvet-by-hefel\/\" \/>\n<meta property=\"og:site_name\" content=\"Linen.eu\" \/>\n<meta property=\"article:publisher\" content=\"https:\/\/linen.eu\" \/>\n<meta property=\"article:modified_time\" content=\"2026-04-11T22:06:16+00:00\" \/>\n<meta property=\"og:image\" content=\"https:\/\/linen.eu\/wp-content\/uploads\/2025\/11\/HEFEL_KlimaControl_Comfort_Image2-1.jpg\" \/>\n\t<meta property=\"og:image:width\" content=\"800\" \/>\n\t<meta property=\"og:image:height\" content=\"800\" \/>\n\t<meta property=\"og:image:type\" content=\"image\/jpeg\" \/>\n<meta name=\"twitter:card\" content=\"summary_large_image\" \/>\n<meta name=\"twitter:site\" content=\"@linenlounge\" \/>\n<meta name=\"twitter:label1\" content=\"Availability\" \/>\n\t<meta name=\"twitter:data1\" content=\"In stock\" \/>\n<script type=\"application\/ld+json\" class=\"yoast-schema-graph\">{\"@context\":\"https:\\\/\\\/schema.org\",\"@graph\":[{\"@type\":\"WebPage\",\"@id\":\"https:\\\/\\\/linen.eu\\\/en\\\/produkt\\\/wellness-vitasan-all-season-duvet-by-hefel\\\/\",\"url\":\"https:\\\/\\\/linen.eu\\\/en\\\/produkt\\\/wellness-vitasan-all-season-duvet-by-hefel\\\/\",\"name\":\"Wellness Vitasan All-Season Duvet by HEFEL - Linen Lounge\",\"isPartOf\":{\"@id\":\"https:\\\/\\\/linen.eu\\\/en\\\/#website\"},\"primaryImageOfPage\":{\"@id\":\"https:\\\/\\\/linen.eu\\\/en\\\/produkt\\\/wellness-vitasan-all-season-duvet-by-hefel\\\/#primaryimage\"},\"image\":{\"@id\":\"https:\\\/\\\/linen.eu\\\/en\\\/produkt\\\/wellness-vitasan-all-season-duvet-by-hefel\\\/#primaryimage\"},\"thumbnailUrl\":\"https:\\\/\\\/linen.eu\\\/wp-content\\\/uploads\\\/2025\\\/11\\\/HEFEL_KlimaControl_Comfort_Image2-1.jpg\",\"datePublished\":\"2025-07-17T13:29:52+00:00\",\"dateModified\":\"2026-04-11T22:06:16+00:00\",\"description\":\"Wellness Vitasan All-Season Duvet by HEFEL \u2713 Dry sleeping climate and healthy recovery \u2713 Quality Made in Austria\",\"breadcrumb\":{\"@id\":\"https:\\\/\\\/linen.eu\\\/en\\\/produkt\\\/wellness-vitasan-all-season-duvet-by-hefel\\\/#breadcrumb\"},\"inLanguage\":\"en-US\",\"potentialAction\":[{\"@type\":\"ReadAction\",\"target\":[\"https:\\\/\\\/linen.eu\\\/en\\\/produkt\\\/wellness-vitasan-all-season-duvet-by-hefel\\\/\"]}]},{\"@type\":\"ImageObject\",\"inLanguage\":\"en-US\",\"@id\":\"https:\\\/\\\/linen.eu\\\/en\\\/produkt\\\/wellness-vitasan-all-season-duvet-by-hefel\\\/#primaryimage\",\"url\":\"https:\\\/\\\/linen.eu\\\/wp-content\\\/uploads\\\/2025\\\/11\\\/HEFEL_KlimaControl_Comfort_Image2-1.jpg\",\"contentUrl\":\"https:\\\/\\\/linen.eu\\\/wp-content\\\/uploads\\\/2025\\\/11\\\/HEFEL_KlimaControl_Comfort_Image2-1.jpg\",\"width\":800,\"height\":800,\"caption\":\"Ein Stapel wei\u00dfer Kissen und eine Bettdecke sind auf einem Liegestuhl im Freien angeordnet, mit einem Metallgel\u00e4nder und blauem Himmel im Hintergrund. Die Bettw\u00e4sche erscheint weich und pl\u00fcschig mit roten Etiketten an jedem St\u00fcck.\"},{\"@type\":\"BreadcrumbList\",\"@id\":\"https:\\\/\\\/linen.eu\\\/en\\\/produkt\\\/wellness-vitasan-all-season-duvet-by-hefel\\\/#breadcrumb\",\"itemListElement\":[{\"@type\":\"ListItem\",\"position\":1,\"name\":\"Startseite\",\"item\":\"https:\\\/\\\/linen.eu\\\/en\\\/home\\\/\"},{\"@type\":\"ListItem\",\"position\":2,\"name\":\"Shop\",\"item\":\"https:\\\/\\\/linen.eu\\\/en\\\/shop\\\/\"},{\"@type\":\"ListItem\",\"position\":3,\"name\":\"Wellness Vitasan All-Season Duvet by HEFEL\"}]},{\"@type\":\"WebSite\",\"@id\":\"https:\\\/\\\/linen.eu\\\/en\\\/#website\",\"url\":\"https:\\\/\\\/linen.eu\\\/en\\\/\",\"name\":\"Linen Lounge\",\"description\":\"\",\"publisher\":{\"@id\":\"https:\\\/\\\/linen.eu\\\/en\\\/#organization\"},\"potentialAction\":[{\"@type\":\"SearchAction\",\"target\":{\"@type\":\"EntryPoint\",\"urlTemplate\":\"https:\\\/\\\/linen.eu\\\/en\\\/?s={search_term_string}\"},\"query-input\":{\"@type\":\"PropertyValueSpecification\",\"valueRequired\":true,\"valueName\":\"search_term_string\"}}],\"inLanguage\":\"en-US\"},{\"@type\":\"Organization\",\"@id\":\"https:\\\/\\\/linen.eu\\\/en\\\/#organization\",\"name\":\"Linen Lounge\",\"alternateName\":\"linen.eu\",\"url\":\"https:\\\/\\\/linen.eu\\\/en\\\/\",\"logo\":{\"@type\":\"ImageObject\",\"inLanguage\":\"en-US\",\"@id\":\"https:\\\/\\\/linen.eu\\\/en\\\/#\\\/schema\\\/logo\\\/image\\\/\",\"url\":\"https:\\\/\\\/linen.eu\\\/wp-content\\\/uploads\\\/2025\\\/10\\\/LinenLounge-NEU2.webp\",\"contentUrl\":\"https:\\\/\\\/linen.eu\\\/wp-content\\\/uploads\\\/2025\\\/10\\\/LinenLounge-NEU2.webp\",\"width\":1800,\"height\":455,\"caption\":\"Linen Lounge\"},\"image\":{\"@id\":\"https:\\\/\\\/linen.eu\\\/en\\\/#\\\/schema\\\/logo\\\/image\\\/\"},\"sameAs\":[\"https:\\\/\\\/linen.eu\",\"https:\\\/\\\/x.com\\\/linenlounge\",\"https:\\\/\\\/www.instagram.com\\\/linen.lounge?igsh=MW81aGhiY2VxZGRpMw==&utm_source=qr\",\"http:\\\/\\\/www.youtube.com\\\/@Linenlounge\"],\"description\":\"Online Fachhandel f\u00fcr europ\u00e4ische Leinen-Bettw\u00e4sche und Heimtextilien aus traditionellen Webereien wie Leitner Leinen, Schlitzer Leinen, Libeco, Vieb\u00f6ck und Hoffmann.\",\"email\":\"info@linen.eu\",\"telephone\":\"+49 (0) 69 90738860\",\"legalName\":\"Linen UG (haftungsbeschr\u00e4nkt)\",\"foundingDate\":\"2015-04-08\",\"numberOfEmployees\":{\"@type\":\"QuantitativeValue\",\"minValue\":\"1\",\"maxValue\":\"10\"}}]}<\/script>\n<meta property=\"product:brand\" content=\"HEFEL\" \/>\n<meta property=\"og:availability\" content=\"instock\" \/>\n<meta property=\"product:availability\" content=\"instock\" \/>\n<meta property=\"product:retailer_item_id\" content=\"114303451610\" \/>\n<meta property=\"product:condition\" content=\"new\" \/>\n<!-- \/ Yoast SEO Premium plugin. -->","yoast_head_json":{"title":"Wellness Vitasan All-Season Duvet by HEFEL - Linen Lounge","description":"Wellness Vitasan All-Season Duvet by HEFEL \u2713 Dry sleeping climate and healthy recovery \u2713 Quality Made in Austria","robots":{"index":"index","follow":"follow","max-snippet":"max-snippet:-1","max-image-preview":"max-image-preview:large","max-video-preview":"max-video-preview:-1"},"canonical":"https:\/\/linen.eu\/en\/produkt\/wellness-vitasan-all-season-duvet-by-hefel\/","og_locale":"en_US","og_type":"article","og_title":"Wellness Vitasan All-Season Duvet by HEFEL","og_description":"Wellness Vitasan All-Season Duvet by HEFEL \u2713 Dry sleeping climate and healthy recovery \u2713 Quality Made in Austria","og_url":"https:\/\/linen.eu\/en\/produkt\/wellness-vitasan-all-season-duvet-by-hefel\/","og_site_name":"Linen.eu","article_publisher":"https:\/\/linen.eu","article_modified_time":"2026-04-11T22:06:16+00:00","og_image":[{"width":800,"height":800,"url":"https:\/\/linen.eu\/wp-content\/uploads\/2025\/11\/HEFEL_KlimaControl_Comfort_Image2-1.jpg","type":"image\/jpeg"}],"twitter_card":"summary_large_image","twitter_site":"@linenlounge","twitter_misc":{"Availability":"In stock"},"schema":{"@context":"https:\/\/schema.org","@graph":[{"@type":"WebPage","@id":"https:\/\/linen.eu\/en\/produkt\/wellness-vitasan-all-season-duvet-by-hefel\/","url":"https:\/\/linen.eu\/en\/produkt\/wellness-vitasan-all-season-duvet-by-hefel\/","name":"Wellness Vitasan All-Season Duvet by HEFEL - Linen Lounge","isPartOf":{"@id":"https:\/\/linen.eu\/en\/#website"},"primaryImageOfPage":{"@id":"https:\/\/linen.eu\/en\/produkt\/wellness-vitasan-all-season-duvet-by-hefel\/#primaryimage"},"image":{"@id":"https:\/\/linen.eu\/en\/produkt\/wellness-vitasan-all-season-duvet-by-hefel\/#primaryimage"},"thumbnailUrl":"https:\/\/linen.eu\/wp-content\/uploads\/2025\/11\/HEFEL_KlimaControl_Comfort_Image2-1.jpg","datePublished":"2025-07-17T13:29:52+00:00","dateModified":"2026-04-11T22:06:16+00:00","description":"Wellness Vitasan All-Season Duvet by HEFEL \u2713 Dry sleeping climate and healthy recovery \u2713 Quality Made in Austria","breadcrumb":{"@id":"https:\/\/linen.eu\/en\/produkt\/wellness-vitasan-all-season-duvet-by-hefel\/#breadcrumb"},"inLanguage":"en-US","potentialAction":[{"@type":"ReadAction","target":["https:\/\/linen.eu\/en\/produkt\/wellness-vitasan-all-season-duvet-by-hefel\/"]}]},{"@type":"ImageObject","inLanguage":"en-US","@id":"https:\/\/linen.eu\/en\/produkt\/wellness-vitasan-all-season-duvet-by-hefel\/#primaryimage","url":"https:\/\/linen.eu\/wp-content\/uploads\/2025\/11\/HEFEL_KlimaControl_Comfort_Image2-1.jpg","contentUrl":"https:\/\/linen.eu\/wp-content\/uploads\/2025\/11\/HEFEL_KlimaControl_Comfort_Image2-1.jpg","width":800,"height":800,"caption":"Ein Stapel wei\u00dfer Kissen und eine Bettdecke sind auf einem Liegestuhl im Freien angeordnet, mit einem Metallgel\u00e4nder und blauem Himmel im Hintergrund. Die Bettw\u00e4sche erscheint weich und pl\u00fcschig mit roten Etiketten an jedem St\u00fcck."},{"@type":"BreadcrumbList","@id":"https:\/\/linen.eu\/en\/produkt\/wellness-vitasan-all-season-duvet-by-hefel\/#breadcrumb","itemListElement":[{"@type":"ListItem","position":1,"name":"Startseite","item":"https:\/\/linen.eu\/en\/home\/"},{"@type":"ListItem","position":2,"name":"Shop","item":"https:\/\/linen.eu\/en\/shop\/"},{"@type":"ListItem","position":3,"name":"Wellness Vitasan All-Season Duvet by HEFEL"}]},{"@type":"WebSite","@id":"https:\/\/linen.eu\/en\/#website","url":"https:\/\/linen.eu\/en\/","name":"Linen Lounge","description":"","publisher":{"@id":"https:\/\/linen.eu\/en\/#organization"},"potentialAction":[{"@type":"SearchAction","target":{"@type":"EntryPoint","urlTemplate":"https:\/\/linen.eu\/en\/?s={search_term_string}"},"query-input":{"@type":"PropertyValueSpecification","valueRequired":true,"valueName":"search_term_string"}}],"inLanguage":"en-US"},{"@type":"Organization","@id":"https:\/\/linen.eu\/en\/#organization","name":"Linen Lounge","alternateName":"linen.eu","url":"https:\/\/linen.eu\/en\/","logo":{"@type":"ImageObject","inLanguage":"en-US","@id":"https:\/\/linen.eu\/en\/#\/schema\/logo\/image\/","url":"https:\/\/linen.eu\/wp-content\/uploads\/2025\/10\/LinenLounge-NEU2.webp","contentUrl":"https:\/\/linen.eu\/wp-content\/uploads\/2025\/10\/LinenLounge-NEU2.webp","width":1800,"height":455,"caption":"Linen Lounge"},"image":{"@id":"https:\/\/linen.eu\/en\/#\/schema\/logo\/image\/"},"sameAs":["https:\/\/linen.eu","https:\/\/x.com\/linenlounge","https:\/\/www.instagram.com\/linen.lounge?igsh=MW81aGhiY2VxZGRpMw==&utm_source=qr","http:\/\/www.youtube.com\/@Linenlounge"],"description":"Online Fachhandel f\u00fcr europ\u00e4ische Leinen-Bettw\u00e4sche und Heimtextilien aus traditionellen Webereien wie Leitner Leinen, Schlitzer Leinen, Libeco, Vieb\u00f6ck und Hoffmann.","email":"info@linen.eu","telephone":"+49 (0) 69 90738860","legalName":"Linen UG (haftungsbeschr\u00e4nkt)","foundingDate":"2015-04-08","numberOfEmployees":{"@type":"QuantitativeValue","minValue":"1","maxValue":"10"}}]},"product_brand":"HEFEL","og_availability":"instock","product_availability":"instock","product_retailer_item_id":"114303451610","product_condition":"new"},"_links":{"self":[{"href":"https:\/\/linen.eu\/en\/wp-json\/wp\/v2\/product\/138514","targetHints":{"allow":["GET"]}}],"collection":[{"href":"https:\/\/linen.eu\/en\/wp-json\/wp\/v2\/product"}],"about":[{"href":"https:\/\/linen.eu\/en\/wp-json\/wp\/v2\/types\/product"}],"replies":[{"embeddable":true,"href":"https:\/\/linen.eu\/en\/wp-json\/wp\/v2\/comments?post=138514"}],"wp:featuredmedia":[{"embeddable":true,"href":"https:\/\/linen.eu\/en\/wp-json\/wp\/v2\/media\/72790"}],"wp:attachment":[{"href":"https:\/\/linen.eu\/en\/wp-json\/wp\/v2\/media?parent=138514"}],"wp:term":[{"taxonomy":"product_brand","embeddable":true,"href":"https:\/\/linen.eu\/en\/wp-json\/wp\/v2\/product_brand?post=138514"},{"taxonomy":"product_cat","embeddable":true,"href":"https:\/\/linen.eu\/en\/wp-json\/wp\/v2\/product_cat?post=138514"},{"taxonomy":"product_tag","embeddable":true,"href":"https:\/\/linen.eu\/en\/wp-json\/wp\/v2\/product_tag?post=138514"}],"curies":[{"name":"wp","href":"https:\/\/api.w.org\/{rel}","templated":true}]}}